{"id":350,"date":"2024-12-21T10:32:32","date_gmt":"2024-12-21T09:32:32","guid":{"rendered":"https:\/\/mediateur-nantes.com\/?page_id=350"},"modified":"2024-12-23T09:23:48","modified_gmt":"2024-12-23T08:23:48","slug":"mes-partenaires","status":"publish","type":"page","link":"https:\/\/mediateur-nantes.com\/index.php\/mes-partenaires\/","title":{"rendered":"Mes partenaires"},"content":{"rendered":"\n<div class=\"wp-block-columns is-layout-flex wp-container-core-columns-is-layout-9d6595d7 wp-block-columns-is-layout-flex\">\n<div class=\"wp-block-column is-layout-flow wp-block-column-is-layout-flow\" style=\"flex-basis:33.33%\"><div class=\"wp-block-image\">\n<figure class=\"aligncenter size-large is-resized\"><img loading=\"lazy\" decoding=\"async\" width=\"768\" height=\"1024\" src=\"https:\/\/mediateur-nantes.com\/wp-content\/uploads\/2024\/12\/photo-elise-actuelle-768x1024.jpg\" alt=\"\" class=\"wp-image-373\" style=\"object-fit:cover;width:171px;height:auto\"\/><figcaption class=\"wp-element-caption\"><em>Elise Bouyer<br>Fondatrice d&#8217;Arbeliamm<\/em><\/figcaption><\/figure>\n<\/div>\n\n\n<p class=\"has-text-align-center has-small-font-size\"><a href=\"https:\/\/arbeliamm.fr\/\">https:\/\/arbeliamm.fr\/<\/a><\/p>\n\n\n\n<div class=\"wp-block-group\"><div class=\"wp-block-group__inner-container is-layout-constrained wp-block-group-is-layout-constrained\">\n<p class=\"has-small-font-size\"><\/p>\n<\/div><\/div>\n<\/div>\n\n\n\n<div class=\"wp-block-column is-layout-flow wp-block-column-is-layout-flow\" style=\"flex-basis:66.66%\">\n<div class=\"wp-block-group is-vertical is-layout-flex wp-container-core-group-is-layout-8cf370e7 wp-block-group-is-layout-flex\">\n<p class=\"has-small-font-size\">Apr\u00e8s 15 ans d\u2019exp\u00e9riences professionnelles dans des postes de direction et d\u2019animation de r\u00e9seaux dans le domaine de l\u2019Economie, Sociale et Solidaire (<strong>ESS<\/strong>), j\u2019ai d\u00e9cid\u00e9 de cr\u00e9er <a href=\"http:\/\/www.arbeliamm.fr\">Arb\u00e9liamm<\/a> pour faciliter le <strong>dialogue,<\/strong> <strong>la communication<\/strong> et la <strong>coop\u00e9ration dans les<\/strong> <strong>organisations et les collectifs de travai<\/strong><\/p>\n\n\n\n<p class=\"has-small-font-size\"><strong>Femme de r\u00e9seau<\/strong> j\u2019adh\u00e8re au r\u00e9seau&nbsp;<a href=\"https:\/\/atlantique-mediation.org\/\" target=\"_blank\" rel=\"noreferrer noopener\">Atlantique M\u00e9diation<\/a>,&nbsp;association agr\u00e9e de m\u00e9diateurs lib\u00e9raux, membre de la&nbsp;<a href=\"http:\/\/fcmgo.org\/\" target=\"_blank\" rel=\"noreferrer noopener\">F\u00e9d\u00e9ration des Centres de m\u00e9diation du Grand Ouest.<\/a><strong>M\u00e9diatrice professionnelle<\/strong> (dipl\u00f4m\u00e9e Ifom\u00e8ne Paris 2019) et agr\u00e9e pr\u00e8s la Cour d\u2019Appel de Rennes, j\u2019interviens dans des collectifs et aupr\u00e8s des particuliers pour pr\u00e9venir et r\u00e9soudre les conflits \u00e0 l\u2019aide du processus de m\u00e9diation<\/p>\n\n\n\n<p class=\"has-small-font-size\"><strong>Formatrice<\/strong>, je con\u00e7ois et j\u2019anime des formations \u00e0 destination des publics vari\u00e9s dans mes domaines d\u2019expertise (diversit\u00e9, communication, conflits, m\u00e9diation) en utilisant les outils collaboratifs et l\u2019intelligence collective.<\/p>\n\n\n\n<p class=\"has-small-font-size\"><strong>Consultante<\/strong>, j\u2019accompagne les collectifs de travail dans la construction et la structuration de leurs projets afin de pr\u00e9venir les risques psycho sociaux dans les organisations.<\/p>\n\n\n\n<p class=\"has-small-font-size\"><strong>Femme engag\u00e9e<\/strong>, je suis membre du CA du r\u00e9seau&nbsp;<a href=\"https:\/\/businessaufeminin.fr\/\" target=\"_blank\" rel=\"noreferrer noopener\">Business au F\u00e9minin<\/a>&nbsp;dont le r\u00f4le est de promouvoir les talents f\u00e9minins dans les entreprises et les organisations.&nbsp;<strong>Femme de r\u00e9seau<\/strong> j\u2019adh\u00e8re au r\u00e9seau&nbsp;<a href=\"https:\/\/atlantique-mediation.org\/\" target=\"_blank\" rel=\"noreferrer noopener\">Atlantique M\u00e9diation<\/a>,&nbsp;association agr\u00e9e de m\u00e9diateurs lib\u00e9raux, membre de la&nbsp;<a href=\"http:\/\/fcmgo.org\/\" target=\"_blank\" rel=\"noreferrer noopener\">F\u00e9d\u00e9ration des Centres de m\u00e9diation du Grand Ouest.<\/a><\/p>\n<\/div>\n<\/div>\n<\/div>\n\n\n\n<div class=\"wp-block-columns are-vertically-aligned-bottom is-layout-flex wp-container-core-columns-is-layout-9d6595d7 wp-block-columns-is-layout-flex\">\n<div class=\"wp-block-column is-vertically-aligned-bottom is-layout-flow wp-block-column-is-layout-flow\" style=\"flex-basis:33.33%\"><div class=\"wp-block-image\">\n<figure class=\"aligncenter size-large is-resized\"><a href=\"https:\/\/cabinet-icf.com\/\"><img loading=\"lazy\" decoding=\"async\" width=\"1024\" height=\"960\" src=\"https:\/\/mediateur-nantes.com\/wp-content\/uploads\/2024\/12\/PHOTO-PASCAL-1024x960.jpg\" alt=\"\" class=\"wp-image-376\" style=\"width:180px;height:auto\" srcset=\"https:\/\/mediateur-nantes.com\/wp-content\/uploads\/2024\/12\/PHOTO-PASCAL-980x919.jpg 980w, https:\/\/mediateur-nantes.com\/wp-content\/uploads\/2024\/12\/PHOTO-PASCAL-480x450.jpg 480w\" sizes=\"auto, ((min-width: 0px) and (max-width: 480px)) 480px, ((min-width: 481px) and (max-width: 980px)) 980px, (min-width: 981px) 1024px, 100vw\" \/><\/a><figcaption class=\"wp-element-caption\"><strong><em>Pascal Gelin, <\/em><\/strong><br><strong><em>Fondateur du Cabinet ICF<\/em><\/strong><a href=\"https:\/\/cabinet-icf.com\/\">https:\/\/cabinet-icf.com\/<\/a><\/figcaption><\/figure>\n<\/div>\n\n\n<div class=\"wp-block-columns is-layout-flex wp-container-core-columns-is-layout-9d6595d7 wp-block-columns-is-layout-flex\">\n<div class=\"wp-block-column is-layout-flow wp-block-column-is-layout-flow\"><\/div>\n<\/div>\n\n\n\n<p><\/p>\n<\/div>\n\n\n\n<div class=\"wp-block-column is-vertically-aligned-bottom is-layout-flow wp-block-column-is-layout-flow\" style=\"flex-basis:66.66%\">\n<div class=\"wp-block-group is-vertical is-layout-flex wp-container-core-group-is-layout-8cf370e7 wp-block-group-is-layout-flex\">\n<p><\/p>\n\n\n\n<p><\/p>\n\n\n\n<p><\/p>\n\n\n\n<p class=\"has-small-font-size\">Apr\u00e8s 34 ann\u00e9es de carri\u00e8re au sein de la Gendarmerie, j\u2019ai cr\u00e9\u00e9 en 2016 le Cabinet ICF, structure sp\u00e9cialis\u00e9e en gestion du risque \u00e9conomique et juridique &nbsp;de l\u2019entreprise et de son dirigeant.<\/p>\n\n\n\n<p class=\"has-small-font-size\">Mon expertise acquise au cours de cette riche exp\u00e9rience m\u2019 a permis de positionner rapidement le Cabinet ICF en partenaire de r\u00e9f\u00e9rence et de d\u00e9velopper des protocoles d\u2019accompagnement sur le long terme pour de nombreux dirigeants de la r\u00e9gion Grand-Ouest notamment<\/p>\n\n\n\n<p class=\"has-small-font-size\">En 8 ans, l\u2019activit\u00e9 a grandi et le besoin d\u2019apporter des r\u00e9ponses pointues dans le domaine de la pr\u00e9vention des conflits (intra et inter-entreprises ) est devenu de plus en plus \u00e9vident.<\/p>\n\n\n\n<p class=\"has-small-font-size\">Apr\u00e8s une formation universitaire &nbsp;en m\u00e9diation (aupr\u00e8s de l\u2019IFOMENE), j\u2019ai construit une offre qui me tenait&nbsp; vraiment \u00e0 c\u0153ur : <strong><em>la m\u00e9diation pr\u00e9ventive et de projets<\/em><\/strong>. Je suis en effet profond\u00e9ment convaincu que dans tous les domaines, travailler \u00e0 <strong><em>anticiper les conflits <\/em><\/strong>\u00e0 venir est un \u00e9l\u00e9ment cl\u00e9 de la r\u00e9ussite du projet.<\/p>\n<\/div>\n<\/div>\n<\/div>\n\n\n\n<p><\/p>\n","protected":false},"excerpt":{"rendered":"<p>https:\/\/arbeliamm.fr\/ Apr\u00e8s 15 ans d\u2019exp\u00e9riences professionnelles dans des postes de direction et d\u2019animation de r\u00e9seaux dans le domaine de l\u2019Economie, Sociale et Solidaire (ESS), j\u2019ai d\u00e9cid\u00e9 de cr\u00e9er Arb\u00e9liamm pour faciliter le dialogue, la communication et la coop\u00e9ration dans les organisations et les collectifs de travai Femme de r\u00e9seau j\u2019adh\u00e8re au r\u00e9seau&nbsp;Atlantique M\u00e9diation,&nbsp;association agr\u00e9e de [&hellip;]<\/p>\n","protected":false},"author":1,"featured_media":0,"parent":0,"menu_order":0,"comment_status":"closed","ping_status":"closed","template":"","meta":{"_et_pb_use_builder":"on","_et_pb_old_content":"<!-- wp:image {\"id\":351,\"sizeSlug\":\"full\",\"linkDestination\":\"none\"} -->\n<figure class=\"wp-block-image size-full\"><img src=\"https:\/\/mediateur-nantes.com\/wp-content\/uploads\/2024\/12\/ELISE-JPEG.jpg\" alt=\"\" class=\"wp-image-351\"\/><figcaption class=\"wp-element-caption\">Screenshot<\/figcaption><\/figure>\n<!-- \/wp:image -->","_monsterinsights_skip_tracking":false,"_monsterinsights_sitenote_active":false,"_monsterinsights_sitenote_note":"","_monsterinsights_sitenote_category":0,"footnotes":""},"class_list":["post-350","page","type-page","status-publish","hentry"],"yoast_head":"<!-- This site is optimized with the Yoast SEO plugin v24.9 - https:\/\/yoast.com\/wordpress\/plugins\/seo\/ -->\n<title>Mes partenaires - M\u00e9diateur Nantes<\/title>\n<meta name=\"robots\" content=\"index, follow, max-snippet:-1, max-image-preview:large, max-video-preview:-1\" \/>\n<link rel=\"canonical\" href=\"https:\/\/mediateur-nantes.com\/index.php\/mes-partenaires\/\" \/>\n<meta property=\"og:locale\" content=\"fr_FR\" \/>\n<meta property=\"og:type\" content=\"article\" \/>\n<meta property=\"og:title\" content=\"Mes partenaires - M\u00e9diateur Nantes\" \/>\n<meta property=\"og:description\" content=\"https:\/\/arbeliamm.fr\/ Apr\u00e8s 15 ans d\u2019exp\u00e9riences professionnelles dans des postes de direction et d\u2019animation de r\u00e9seaux dans le domaine de l\u2019Economie, Sociale et Solidaire (ESS), j\u2019ai d\u00e9cid\u00e9 de cr\u00e9er Arb\u00e9liamm pour faciliter le dialogue, la communication et la coop\u00e9ration dans les organisations et les collectifs de travai Femme de r\u00e9seau j\u2019adh\u00e8re au r\u00e9seau&nbsp;Atlantique M\u00e9diation,&nbsp;association agr\u00e9e de [&hellip;]\" \/>\n<meta property=\"og:url\" content=\"https:\/\/mediateur-nantes.com\/index.php\/mes-partenaires\/\" \/>\n<meta property=\"og:site_name\" content=\"M\u00e9diateur Nantes\" \/>\n<meta property=\"article:modified_time\" content=\"2024-12-23T08:23:48+00:00\" \/>\n<meta property=\"og:image\" content=\"https:\/\/mediateur-nantes.com\/wp-content\/uploads\/2024\/12\/photo-elise-actuelle-scaled.jpg\" \/>\n\t<meta property=\"og:image:width\" content=\"1920\" \/>\n\t<meta property=\"og:image:height\" content=\"2560\" \/>\n\t<meta property=\"og:image:type\" content=\"image\/jpeg\" \/>\n<meta name=\"twitter:card\" content=\"summary_large_image\" \/>\n<meta name=\"twitter:label1\" content=\"Dur\u00e9e de lecture estim\u00e9e\" \/>\n\t<meta name=\"twitter:data1\" content=\"3 minutes\" \/>\n<script type=\"application\/ld+json\" class=\"yoast-schema-graph\">{\"@context\":\"https:\/\/schema.org\",\"@graph\":[{\"@type\":\"WebPage\",\"@id\":\"https:\/\/mediateur-nantes.com\/index.php\/mes-partenaires\/\",\"url\":\"https:\/\/mediateur-nantes.com\/index.php\/mes-partenaires\/\",\"name\":\"Mes partenaires - M\u00e9diateur Nantes\",\"isPartOf\":{\"@id\":\"https:\/\/mediateur-nantes.com\/#website\"},\"primaryImageOfPage\":{\"@id\":\"https:\/\/mediateur-nantes.com\/index.php\/mes-partenaires\/#primaryimage\"},\"image\":{\"@id\":\"https:\/\/mediateur-nantes.com\/index.php\/mes-partenaires\/#primaryimage\"},\"thumbnailUrl\":\"https:\/\/mediateur-nantes.com\/wp-content\/uploads\/2024\/12\/photo-elise-actuelle-768x1024.jpg\",\"datePublished\":\"2024-12-21T09:32:32+00:00\",\"dateModified\":\"2024-12-23T08:23:48+00:00\",\"breadcrumb\":{\"@id\":\"https:\/\/mediateur-nantes.com\/index.php\/mes-partenaires\/#breadcrumb\"},\"inLanguage\":\"fr-FR\",\"potentialAction\":[{\"@type\":\"ReadAction\",\"target\":[\"https:\/\/mediateur-nantes.com\/index.php\/mes-partenaires\/\"]}]},{\"@type\":\"ImageObject\",\"inLanguage\":\"fr-FR\",\"@id\":\"https:\/\/mediateur-nantes.com\/index.php\/mes-partenaires\/#primaryimage\",\"url\":\"https:\/\/mediateur-nantes.com\/wp-content\/uploads\/2024\/12\/photo-elise-actuelle-scaled.jpg\",\"contentUrl\":\"https:\/\/mediateur-nantes.com\/wp-content\/uploads\/2024\/12\/photo-elise-actuelle-scaled.jpg\",\"width\":1920,\"height\":2560},{\"@type\":\"BreadcrumbList\",\"@id\":\"https:\/\/mediateur-nantes.com\/index.php\/mes-partenaires\/#breadcrumb\",\"itemListElement\":[{\"@type\":\"ListItem\",\"position\":1,\"name\":\"Accueil\",\"item\":\"https:\/\/mediateur-nantes.com\/\"},{\"@type\":\"ListItem\",\"position\":2,\"name\":\"Mes partenaires\"}]},{\"@type\":\"WebSite\",\"@id\":\"https:\/\/mediateur-nantes.com\/#website\",\"url\":\"https:\/\/mediateur-nantes.com\/\",\"name\":\"M\u00e9diateur Nantes\",\"description\":\"M\u00e9diateur Nantes\",\"potentialAction\":[{\"@type\":\"SearchAction\",\"target\":{\"@type\":\"EntryPoint\",\"urlTemplate\":\"https:\/\/mediateur-nantes.com\/?s={search_term_string}\"},\"query-input\":{\"@type\":\"PropertyValueSpecification\",\"valueRequired\":true,\"valueName\":\"search_term_string\"}}],\"inLanguage\":\"fr-FR\"}]}<\/script>\n<!-- \/ Yoast SEO plugin. -->","yoast_head_json":{"title":"Mes partenaires - M\u00e9diateur Nantes","robots":{"index":"index","follow":"follow","max-snippet":"max-snippet:-1","max-image-preview":"max-image-preview:large","max-video-preview":"max-video-preview:-1"},"canonical":"https:\/\/mediateur-nantes.com\/index.php\/mes-partenaires\/","og_locale":"fr_FR","og_type":"article","og_title":"Mes partenaires - M\u00e9diateur Nantes","og_description":"https:\/\/arbeliamm.fr\/ Apr\u00e8s 15 ans d\u2019exp\u00e9riences professionnelles dans des postes de direction et d\u2019animation de r\u00e9seaux dans le domaine de l\u2019Economie, Sociale et Solidaire (ESS), j\u2019ai d\u00e9cid\u00e9 de cr\u00e9er Arb\u00e9liamm pour faciliter le dialogue, la communication et la coop\u00e9ration dans les organisations et les collectifs de travai Femme de r\u00e9seau j\u2019adh\u00e8re au r\u00e9seau&nbsp;Atlantique M\u00e9diation,&nbsp;association agr\u00e9e de [&hellip;]","og_url":"https:\/\/mediateur-nantes.com\/index.php\/mes-partenaires\/","og_site_name":"M\u00e9diateur Nantes","article_modified_time":"2024-12-23T08:23:48+00:00","og_image":[{"width":1920,"height":2560,"url":"https:\/\/mediateur-nantes.com\/wp-content\/uploads\/2024\/12\/photo-elise-actuelle-scaled.jpg","type":"image\/jpeg"}],"twitter_card":"summary_large_image","twitter_misc":{"Dur\u00e9e de lecture estim\u00e9e":"3 minutes"},"schema":{"@context":"https:\/\/schema.org","@graph":[{"@type":"WebPage","@id":"https:\/\/mediateur-nantes.com\/index.php\/mes-partenaires\/","url":"https:\/\/mediateur-nantes.com\/index.php\/mes-partenaires\/","name":"Mes partenaires - M\u00e9diateur Nantes","isPartOf":{"@id":"https:\/\/mediateur-nantes.com\/#website"},"primaryImageOfPage":{"@id":"https:\/\/mediateur-nantes.com\/index.php\/mes-partenaires\/#primaryimage"},"image":{"@id":"https:\/\/mediateur-nantes.com\/index.php\/mes-partenaires\/#primaryimage"},"thumbnailUrl":"https:\/\/mediateur-nantes.com\/wp-content\/uploads\/2024\/12\/photo-elise-actuelle-768x1024.jpg","datePublished":"2024-12-21T09:32:32+00:00","dateModified":"2024-12-23T08:23:48+00:00","breadcrumb":{"@id":"https:\/\/mediateur-nantes.com\/index.php\/mes-partenaires\/#breadcrumb"},"inLanguage":"fr-FR","potentialAction":[{"@type":"ReadAction","target":["https:\/\/mediateur-nantes.com\/index.php\/mes-partenaires\/"]}]},{"@type":"ImageObject","inLanguage":"fr-FR","@id":"https:\/\/mediateur-nantes.com\/index.php\/mes-partenaires\/#primaryimage","url":"https:\/\/mediateur-nantes.com\/wp-content\/uploads\/2024\/12\/photo-elise-actuelle-scaled.jpg","contentUrl":"https:\/\/mediateur-nantes.com\/wp-content\/uploads\/2024\/12\/photo-elise-actuelle-scaled.jpg","width":1920,"height":2560},{"@type":"BreadcrumbList","@id":"https:\/\/mediateur-nantes.com\/index.php\/mes-partenaires\/#breadcrumb","itemListElement":[{"@type":"ListItem","position":1,"name":"Accueil","item":"https:\/\/mediateur-nantes.com\/"},{"@type":"ListItem","position":2,"name":"Mes partenaires"}]},{"@type":"WebSite","@id":"https:\/\/mediateur-nantes.com\/#website","url":"https:\/\/mediateur-nantes.com\/","name":"M\u00e9diateur Nantes","description":"M\u00e9diateur Nantes","potentialAction":[{"@type":"SearchAction","target":{"@type":"EntryPoint","urlTemplate":"https:\/\/mediateur-nantes.com\/?s={search_term_string}"},"query-input":{"@type":"PropertyValueSpecification","valueRequired":true,"valueName":"search_term_string"}}],"inLanguage":"fr-FR"}]}},"_links":{"self":[{"href":"https:\/\/mediateur-nantes.com\/index.php\/wp-json\/wp\/v2\/pages\/350","targetHints":{"allow":["GET"]}}],"collection":[{"href":"https:\/\/mediateur-nantes.com\/index.php\/wp-json\/wp\/v2\/pages"}],"about":[{"href":"https:\/\/mediateur-nantes.com\/index.php\/wp-json\/wp\/v2\/types\/page"}],"author":[{"embeddable":true,"href":"https:\/\/mediateur-nantes.com\/index.php\/wp-json\/wp\/v2\/users\/1"}],"replies":[{"embeddable":true,"href":"https:\/\/mediateur-nantes.com\/index.php\/wp-json\/wp\/v2\/comments?post=350"}],"version-history":[{"count":10,"href":"https:\/\/mediateur-nantes.com\/index.php\/wp-json\/wp\/v2\/pages\/350\/revisions"}],"predecessor-version":[{"id":385,"href":"https:\/\/mediateur-nantes.com\/index.php\/wp-json\/wp\/v2\/pages\/350\/revisions\/385"}],"wp:attachment":[{"href":"https:\/\/mediateur-nantes.com\/index.php\/wp-json\/wp\/v2\/media?parent=350"}],"curies":[{"name":"wp","href":"https:\/\/api.w.org\/{rel}","templated":true}]}}